{"id":24,"date":"2024-07-15T06:26:39","date_gmt":"2024-07-15T06:26:39","guid":{"rendered":"https:\/\/eduprenor.centruldecalcul.ro\/?page_id=24"},"modified":"2024-07-18T11:09:04","modified_gmt":"2024-07-18T11:09:04","slug":"home","status":"publish","type":"page","link":"https:\/\/eduprenor.centruldecalcul.ro\/","title":{"rendered":"Acas\u0103"},"content":{"rendered":"\t\t<div data-elementor-type=\"wp-page\" data-elementor-id=\"24\" class=\"elementor elementor-24\">\n\t\t\t\t<div class=\"elementor-element elementor-element-c143065 e-flex e-con-boxed e-con e-parent\" data-id=\"c143065\" data-element_type=\"container\" data-e-type=\"container\">\n\t\t\t\t\t<div class=\"e-con-inner\">\n\t\t\t\t<div class=\"elementor-element elementor-element-a979937 elementor-widget elementor-widget-heading\" data-id=\"a979937\" data-element_type=\"widget\" data-e-type=\"widget\" data-widget_type=\"heading.default\">\n\t\t\t\t<div class=\"elementor-widget-container\">\n\t\t\t\t\t<h2 class=\"elementor-heading-title elementor-size-default\">EDUPRENOR<br>Educa\u021bie \u0219i antreprenoriat pentru tinerii NEETs<\/h2>\t\t\t\t<\/div>\n\t\t\t\t<\/div>\n\t\t\t\t\t<\/div>\n\t\t\t\t<\/div>\n\t\t<div class=\"elementor-element elementor-element-98b3347 e-flex e-con-boxed e-con e-parent\" data-id=\"98b3347\" data-element_type=\"container\" data-e-type=\"container\">\n\t\t\t\t\t<div class=\"e-con-inner\">\n\t\t\t\t<div class=\"elementor-element elementor-element-74a57ac elementor-widget elementor-widget-image\" data-id=\"74a57ac\" data-element_type=\"widget\" data-e-type=\"widget\" data-widget_type=\"image.default\">\n\t\t\t\t<div class=\"elementor-widget-container\">\n\t\t\t\t\t\t\t\t\t\t\t\t\t\t\t<img fetchpriority=\"high\" decoding=\"async\" width=\"1024\" height=\"883\" src=\"https:\/\/eduprenor.centruldecalcul.ro\/wp-content\/uploads\/2024\/07\/Afis-Neets-_154234-1024x883.jpg\" class=\"attachment-large size-large wp-image-139\" alt=\"\" srcset=\"https:\/\/eduprenor.centruldecalcul.ro\/wp-content\/uploads\/2024\/07\/Afis-Neets-_154234-1024x883.jpg 1024w, https:\/\/eduprenor.centruldecalcul.ro\/wp-content\/uploads\/2024\/07\/Afis-Neets-_154234-300x259.jpg 300w, https:\/\/eduprenor.centruldecalcul.ro\/wp-content\/uploads\/2024\/07\/Afis-Neets-_154234-768x662.jpg 768w, https:\/\/eduprenor.centruldecalcul.ro\/wp-content\/uploads\/2024\/07\/Afis-Neets-_154234-1536x1324.jpg 1536w, https:\/\/eduprenor.centruldecalcul.ro\/wp-content\/uploads\/2024\/07\/Afis-Neets-_154234-2048x1766.jpg 2048w, https:\/\/eduprenor.centruldecalcul.ro\/wp-content\/uploads\/2024\/07\/Afis-Neets-_154234-1000x862.jpg 1000w, https:\/\/eduprenor.centruldecalcul.ro\/wp-content\/uploads\/2024\/07\/Afis-Neets-_154234-230x198.jpg 230w, https:\/\/eduprenor.centruldecalcul.ro\/wp-content\/uploads\/2024\/07\/Afis-Neets-_154234-350x302.jpg 350w, https:\/\/eduprenor.centruldecalcul.ro\/wp-content\/uploads\/2024\/07\/Afis-Neets-_154234-480x414.jpg 480w\" sizes=\"(max-width: 1024px) 100vw, 1024px\" \/>\t\t\t\t\t\t\t\t\t\t\t\t\t\t\t<\/div>\n\t\t\t\t<\/div>\n\t\t\t\t\t<\/div>\n\t\t\t\t<\/div>\n\t\t<div class=\"elementor-element elementor-element-fe4b50d e-flex e-con-boxed e-con e-parent\" data-id=\"fe4b50d\" data-element_type=\"container\" data-e-type=\"container\">\n\t\t\t\t\t<div class=\"e-con-inner\">\n\t\t\t\t<div class=\"elementor-element elementor-element-f938b4c elementor-widget elementor-widget-heading\" data-id=\"f938b4c\" data-element_type=\"widget\" data-e-type=\"widget\" id=\"sumar\" data-widget_type=\"heading.default\">\n\t\t\t\t<div class=\"elementor-widget-container\">\n\t\t\t\t\t<h2 class=\"elementor-heading-title elementor-size-default\">Sumar proiect<\/h2>\t\t\t\t<\/div>\n\t\t\t\t<\/div>\n\t\t\t\t\t<\/div>\n\t\t\t\t<\/div>\n\t\t<div class=\"elementor-element elementor-element-d375403 e-flex e-con-boxed e-con e-parent\" data-id=\"d375403\" data-element_type=\"container\" data-e-type=\"container\">\n\t\t\t\t\t<div class=\"e-con-inner\">\n\t\t\t\t<div class=\"elementor-element elementor-element-21d0654 elementor-widget elementor-widget-text-editor\" data-id=\"21d0654\" data-element_type=\"widget\" data-e-type=\"widget\" data-widget_type=\"text-editor.default\">\n\t\t\t\t<div class=\"elementor-widget-container\">\n\t\t\t\t\t\t\t\t\t<p>Proiectul \u201eEDUPRENOR \u2013 EDUCATIE \u0218I ANTREPRENORIAT PENTRU TINERII NEETs\u201d este implimentat de CENTRUL DE CALCUL SA, \u00een calitate de beneficiar, \u00een parteneriat cu compania de consultan\u021b\u0103 MADLIM CONSULT SRL.<\/p>\n<p>Proiectul are cod SMIS 154234 \u0219i este cofinan\u021bat din Fondul Social European prin Programul Opera\u021bional Capital Uman &#8211; POCU 2014-2020, Axa prioritara 1, Ini\u021biativa \u201eLocuri de munc\u0103 pentru tineri\u201d\/Opera\u021biune compozit\u0103 OS. 1.1, 1.2.<\/p>\n<p><span style=\"text-align: var(--text-align); color: var(--sydney-text-color);\">Valoarea totala eligibil\u0103 a contractului de finan\u021bare este de 4.949.208,32 lei din care: 4.376.835,37 Lei &#8211; finan\u021barea eligibil\u0103 nerambursabil\u0103 din FSE, 380.594,36 lei \u2013 valoarea eligibil\u0103 nerambursabil\u0103 din bugetul de stat \u0219i 191.778,59 lei \u2013 valoarea co-finan\u021b\u0103rii eligibile a Beneficiarului.<\/span><\/p>\n<p><span style=\"text-align: var(--text-align); color: var(--sydney-text-color);\">Proiectul se implementeaz\u0103 \u00een regiunea de dezvoltare Sud-Vest Oltenia p\u00e2n\u0103 la data de 30.12.2023 \u0219<\/span><span style=\"text-align: var(--text-align); color: var(--sydney-text-color);\">i are ca grup \u021bint\u0103 371 de persoane, respectiv tineri din categoria NEETs: Not in Employment, Education or Training \u0219omeri, cu v\u00e2rste cuprinse \u00eentre 16-29 de ani.<\/span><\/p>\n<p>Acesta vizeaz\u0103 promovarea unei ocup\u0103ri durabile \u0219i de calitate a for\u021bei de munc\u0103 \u0219i integrarea consolidat\u0103 pe pia\u021ba muncii a tinerilor NEETs. Astfel, proiectul contribuie la realizarea obiectivului specific POCU prin dezvoltarea resurselor umane pe baza cre\u0219terii accesului tinerilor NEETs la programe de formare profesional\u0103 de calitate.<\/p>\n<p>Proiectul se implementeaz\u0103 \u00een Regiunea de dezvoltare Sud-Vest Oltenia, respectiv \u00een jude\u021bele Dolj, Gorj, Mehedin\u021bi, Olt \u0219i V\u00e2lcea.<\/p>\t\t\t\t\t\t\t\t<\/div>\n\t\t\t\t<\/div>\n\t\t\t\t\t<\/div>\n\t\t\t\t<\/div>\n\t\t<div class=\"elementor-element elementor-element-3872810 e-flex e-con-boxed e-con e-parent\" data-id=\"3872810\" data-element_type=\"container\" data-e-type=\"container\">\n\t\t\t\t\t<div class=\"e-con-inner\">\n\t\t\t\t<div class=\"elementor-element elementor-element-777e4e3 elementor-widget-divider--view-line elementor-widget elementor-widget-divider\" data-id=\"777e4e3\" data-element_type=\"widget\" data-e-type=\"widget\" data-widget_type=\"divider.default\">\n\t\t\t\t<div class=\"elementor-widget-container\">\n\t\t\t\t\t\t\t<div class=\"elementor-divider\">\n\t\t\t<span class=\"elementor-divider-separator\">\n\t\t\t\t\t\t<\/span>\n\t\t<\/div>\n\t\t\t\t\t\t<\/div>\n\t\t\t\t<\/div>\n\t\t\t\t\t<\/div>\n\t\t\t\t<\/div>\n\t\t<div class=\"elementor-element elementor-element-3c0cb60 e-flex e-con-boxed e-con e-parent\" data-id=\"3c0cb60\" data-element_type=\"container\" data-e-type=\"container\">\n\t\t\t\t\t<div class=\"e-con-inner\">\n\t\t\t\t<div class=\"elementor-element elementor-element-40ad66c elementor-widget elementor-widget-heading\" data-id=\"40ad66c\" data-element_type=\"widget\" data-e-type=\"widget\" id=\"grup\" data-widget_type=\"heading.default\">\n\t\t\t\t<div class=\"elementor-widget-container\">\n\t\t\t\t\t<h2 class=\"elementor-heading-title elementor-size-default\">Grup \u021bint\u0103<\/h2>\t\t\t\t<\/div>\n\t\t\t\t<\/div>\n\t\t\t\t\t<\/div>\n\t\t\t\t<\/div>\n\t\t<div class=\"elementor-element elementor-element-f6750d9 e-flex e-con-boxed e-con e-parent\" data-id=\"f6750d9\" data-element_type=\"container\" data-e-type=\"container\">\n\t\t\t\t\t<div class=\"e-con-inner\">\n\t\t\t\t<div class=\"elementor-element elementor-element-fd400a2 elementor-widget elementor-widget-text-editor\" data-id=\"fd400a2\" data-element_type=\"widget\" data-e-type=\"widget\" data-widget_type=\"text-editor.default\">\n\t\t\t\t<div class=\"elementor-widget-container\">\n\t\t\t\t\t\t\t\t\t<p>Grupul \u021aint\u0103 al proiectului este alc\u0103tuit din 371 de tineri NEETs nivel de ocupabilitate A, B, C si D, cu v\u00e2rsta intre 16 si 29 de ani, \u00eenregistra\u021bi \u0219i profila\u021bi la SPO (Serviciul Public de Ocupare), cu reziden\u021ba \u00een Regiunea de dezvoltare Sud-Vest Oltenia, cu accent pe tinerii cu domiciliul \u00een mediul rural (minim 78 persoane, 21,2%) \u0219i pe tinerii apar\u021bin\u00e2nd minorit\u0103\u021bii rom\u0103 (minim 41 persoane, 11,05%).<\/p>\t\t\t\t\t\t\t\t<\/div>\n\t\t\t\t<\/div>\n\t\t\t\t\t<\/div>\n\t\t\t\t<\/div>\n\t\t<div class=\"elementor-element elementor-element-4ddc8a7 e-flex e-con-boxed e-con e-parent\" data-id=\"4ddc8a7\" data-element_type=\"container\" data-e-type=\"container\">\n\t\t\t\t\t<div class=\"e-con-inner\">\n\t\t\t\t<div class=\"elementor-element elementor-element-c33db46 elementor-widget-divider--view-line elementor-widget elementor-widget-divider\" data-id=\"c33db46\" data-element_type=\"widget\" data-e-type=\"widget\" data-widget_type=\"divider.default\">\n\t\t\t\t<div class=\"elementor-widget-container\">\n\t\t\t\t\t\t\t<div class=\"elementor-divider\">\n\t\t\t<span class=\"elementor-divider-separator\">\n\t\t\t\t\t\t<\/span>\n\t\t<\/div>\n\t\t\t\t\t\t<\/div>\n\t\t\t\t<\/div>\n\t\t\t\t\t<\/div>\n\t\t\t\t<\/div>\n\t\t<div class=\"elementor-element elementor-element-511da95 e-flex e-con-boxed e-con e-parent\" data-id=\"511da95\" data-element_type=\"container\" data-e-type=\"container\">\n\t\t\t\t\t<div class=\"e-con-inner\">\n\t\t\t\t<div class=\"elementor-element elementor-element-7d898eb elementor-widget elementor-widget-heading\" data-id=\"7d898eb\" data-element_type=\"widget\" data-e-type=\"widget\" id=\"obiectivele\" data-widget_type=\"heading.default\">\n\t\t\t\t<div class=\"elementor-widget-container\">\n\t\t\t\t\t<h2 class=\"elementor-heading-title elementor-size-default\">Obiectivele proiectului<\/h2>\t\t\t\t<\/div>\n\t\t\t\t<\/div>\n\t\t\t\t\t<\/div>\n\t\t\t\t<\/div>\n\t\t<div class=\"elementor-element elementor-element-b49897f e-flex e-con-boxed e-con e-parent\" data-id=\"b49897f\" data-element_type=\"container\" data-e-type=\"container\">\n\t\t\t\t\t<div class=\"e-con-inner\">\n\t\t\t\t<div class=\"elementor-element elementor-element-bf2efa0 elementor-widget elementor-widget-text-editor\" data-id=\"bf2efa0\" data-element_type=\"widget\" data-e-type=\"widget\" data-widget_type=\"text-editor.default\">\n\t\t\t\t<div class=\"elementor-widget-container\">\n\t\t\t\t\t\t\t\t\t<p class=\"MsoNormal\" style=\"margin-bottom: 0.0001pt; line-height: 18pt; background-image: initial; background-position: initial; background-size: initial; background-repeat: initial; background-attachment: initial; background-origin: initial; background-clip: initial;\"><b><span style=\"font-size: 15.0pt; font-family: Roboto; mso-fareast-font-family: 'Times New Roman'; mso-bidi-font-family: 'Times New Roman'; mso-font-kerning: 0pt; mso-ligatures: none;\">OBIECTIVUL GENERAL<\/span><\/b><span style=\"font-size: 15.0pt; font-family: Roboto; mso-fareast-font-family: 'Times New Roman'; mso-bidi-font-family: 'Times New Roman'; mso-font-kerning: 0pt; mso-ligatures: none;\">&nbsp;al proiectului const\u0103 \u00een dezvoltarea \u0219i implementarea unui ansamblu de m\u0103suri \u0219i ac\u021biuni concrete privind cre\u0219terea nivelului de ocupare \u0219i \u00eembun\u0103t\u0103\u021birea competen\u021belor pentru 371 de tineri NEETs.<\/span><\/p>\n<p class=\"MsoNormal\" style=\"margin-bottom: 0.0001pt; line-height: normal; background-image: initial; background-position: initial; background-size: initial; background-repeat: initial; background-attachment: initial; background-origin: initial; background-clip: initial;\"><span style=\"font-size: 12.0pt; font-family: Roboto; mso-fareast-font-family: 'Times New Roman'; mso-bidi-font-family: 'Times New Roman'; mso-font-kerning: 0pt; mso-ligatures: none;\"><br><!--[endif]--><\/span><\/p>\n<p class=\"MsoNormal\" style=\"margin-bottom: 0.0001pt; line-height: 18pt; background-image: initial; background-position: initial; background-size: initial; background-repeat: initial; background-attachment: initial; background-origin: initial; background-clip: initial;\"><span style=\"font-size: 15.0pt; font-family: Roboto; mso-fareast-font-family: 'Times New Roman'; mso-bidi-font-family: 'Times New Roman'; mso-font-kerning: 0pt; mso-ligatures: none;\">Astfel, se vizeaz\u0103 \u00eembun\u0103t\u0103\u021birea nivelului de competen\u021be profesionale relevante pentru pia\u021ba muncii pentru 186 de tineri NEETs profila\u021bi B, C si D, stimularea ocup\u0103rii sustenabile pe pia\u021ba muncii a 371 de tineri NEETs \u0219i ocuparea efectiv\u0103 a cel pu\u021bin 160 de tineri NEETs, stimularea demar\u0103rii unei activit\u0103\u021bi independente pentru 9 tineri NEETs nivel ocupabilitate A cu valen\u021be antreprenoriale, finan\u021ba\u021bi prin subven\u021bii (micro-grant-uri) de maximum 25.000 Euro\/subven\u021bie.<\/span><\/p>\n<p class=\"MsoNormal\" style=\"margin-bottom: 0.0001pt; line-height: normal; background-image: initial; background-position: initial; background-size: initial; background-repeat: initial; background-attachment: initial; background-origin: initial; background-clip: initial;\"><b><span style=\"font-size: 15.0pt; font-family: Roboto; mso-fareast-font-family: 'Times New Roman'; mso-bidi-font-family: 'Times New Roman'; mso-font-kerning: 0pt; mso-ligatures: none;\"><br><\/span><\/b><\/p>\n<p class=\"MsoNormal\" style=\"margin-bottom: 0.0001pt; line-height: normal; background-image: initial; background-position: initial; background-size: initial; background-repeat: initial; background-attachment: initial; background-origin: initial; background-clip: initial;\"><b><span style=\"font-size: 15.0pt; font-family: Roboto; mso-fareast-font-family: 'Times New Roman'; mso-bidi-font-family: 'Times New Roman'; mso-font-kerning: 0pt; mso-ligatures: none;\">CONTRIBU\u021aIA PROIECTULUI LA REALIZAREA OBIECTIVELOR SPECIFICE ALE APELULUI DE PROIECTE \u201cViitor pentru tinerii NEETs I\u201d, respectiv OS1.1 si OS1.2 vizeaz\u0103:<\/span><\/b><span style=\"font-size: 12.0pt; font-family: Roboto; mso-fareast-font-family: 'Times New Roman'; mso-bidi-font-family: 'Times New Roman'; mso-font-kerning: 0pt; mso-ligatures: none;\"><br><\/span><\/p>\n<p class=\"MsoNoSpacing\"><span style=\"font-size: 14.0pt;\">&nbsp;<\/span><\/p>\n<p style=\"margin: 0mm 0mm 0.0001pt; line-height: 18pt; background-image: initial; background-position: initial; background-size: initial; background-repeat: initial; background-attachment: initial; background-origin: initial; background-clip: initial;\"><span style=\"font-size: 14.0pt; font-family: 'Cambria','serif'; color: #505056;\">\u2588<\/span><span style=\"font-size: 14.0pt; font-family: Roboto; color: #505056;\"> Informarea tinerilor NEETs din Regiunea Sud-Vest Oltenia \u00een vederea \u00eenregistr\u0103rii, consilierii \u0219i profil\u0103rii la nivelul SPO<\/span><\/p>\n<p style=\"margin: 0mm 0mm 0.0001pt; line-height: 18pt; background-image: initial; background-position: initial; background-size: initial; background-repeat: initial; background-attachment: initial; background-origin: initial; background-clip: initial;\"><span style=\"font-size: 14.0pt; font-family: 'Cambria','serif'; color: #505056;\">\u2588<\/span><span style=\"font-size: 14.0pt; font-family: Roboto; color: #505056;\"> \u00cembun\u0103t\u0103\u021birea nivelului de competen\u021be profesionale relevante pentru pia\u021ba muncii pentru 186 de tineri NEETs B, C si D prin derularea de programe de formare profesionala si curs de initiere \u00een competen\u021be digitale pentru 60 de tinerii NEETs ( nivel ocupabilitate C \u0219i D)<\/span><\/p>\n<p style=\"margin: 0mm 0mm 0.0001pt; line-height: 18pt; background-image: initial; background-position: initial; background-size: initial; background-repeat: initial; background-attachment: initial; background-origin: initial; background-clip: initial;\"><span style=\"font-size: 14.0pt; font-family: 'Cambria','serif'; color: #505056;\">\u2588<\/span><span style=\"font-size: 14.0pt; font-family: Roboto; color: #505056;\"> Stimularea ocup\u0103rii sustenabile pe piata muncii a 371 de Tineri NEETs A, B, C si D prin derularea unui program de mediere pe pia\u021ba muncii folosind metode, tehnici \u0219i instrumente de c\u0103utare locuri de munc\u0103, testate \u0219i validate \u00een raport cerin\u021bele pie\u021bei muncii din Rom\u00e2nia;<\/span><\/p>\n<p style=\"margin: 0mm 0mm 0.0001pt; line-height: 18pt; background-image: initial; background-position: initial; background-size: initial; background-repeat: initial; background-attachment: initial; background-origin: initial; background-clip: initial;\"><span style=\"font-size: 14.0pt; font-family: 'Cambria','serif'; color: #505056;\">\u2588<\/span><span style=\"font-size: 14.0pt; font-family: Roboto; color: #505056;\"> Ocuparea efectiv\u0103 a cel putin 160 de tineri NEETs;<\/span><\/p>\n<p style=\"margin: 0mm 0mm 0.0001pt; line-height: 18pt; background-image: initial; background-position: initial; background-size: initial; background-repeat: initial; background-attachment: initial; background-origin: initial; background-clip: initial;\"><span style=\"font-size: 14.0pt; font-family: 'Cambria','serif'; color: #505056;\">\u2588<\/span><span style=\"font-size: 14.0pt; font-family: Roboto; color: #505056;\"> Derularea unui program de formare antreprenoriala pentru 56 tineri NEETs nivel de ocupabilitate A, mentorat, consiliere \u00een vederea dezvolt\u0103rii unor afaceri;<\/span><\/p>\n<p style=\"margin: 0mm 0mm 0.0001pt; line-height: 18pt; background-image: initial; background-position: initial; background-size: initial; background-repeat: initial; background-attachment: initial; background-origin: initial; background-clip: initial;\"><span style=\"font-size: 14.0pt; font-family: 'Cambria','serif'; color: #505056;\">\u2588<\/span><span style=\"font-size: 14.0pt; font-family: Roboto; color: #505056;\"> Sprijinirea a 9 tineri NEETs A din grupul \u021bint\u0103 \u00een deschiderea unei afaceri prin acordarea a 9 subven\u021bii (micro-grant-uri) <\/span><span style=\"font-size: 14.0pt; font-family: Roboto; mso-bidi-font-family: Arial;\">care nu va dep\u0103\u0219i suma maxima de 25000 euro\/ plan de afaceri <\/span><span style=\"font-size: 14.0pt; font-family: Roboto; color: #505056;\">, \u00een baza unei proceduri obiective \u0219i echidistante de evaluare \u0219i selectare prin organizarea unui concurs de planuri de afaceri transparent \u0219i nediscriminatoriu, dup\u0103 absolvirea unui curs de competen\u021be antreprenoriale organizat pentru 56 tineri NEETs A, oferirea de servicii personalizate de consiliere, consultan\u021b\u0103 \u0219i mentorat pentru preg\u0103tirea implementarii planurilor de afacere selectate, sprijin \u00een \u00eenfiin\u021barea entit\u0103\u021bilor sprijinite \u0219i monitorizarea func\u021bion\u0103rii entit\u0103\u021bilor nou \u00eenfiin\u021bate.<\/span><\/p>\t\t\t\t\t\t\t\t<\/div>\n\t\t\t\t<\/div>\n\t\t\t\t\t<\/div>\n\t\t\t\t<\/div>\n\t\t<div class=\"elementor-element elementor-element-40e1ccb e-flex e-con-boxed e-con e-parent\" data-id=\"40e1ccb\" data-element_type=\"container\" data-e-type=\"container\">\n\t\t\t\t\t<div class=\"e-con-inner\">\n\t\t\t\t<div class=\"elementor-element elementor-element-380c961 elementor-widget-divider--view-line elementor-widget elementor-widget-divider\" data-id=\"380c961\" data-element_type=\"widget\" data-e-type=\"widget\" data-widget_type=\"divider.default\">\n\t\t\t\t<div class=\"elementor-widget-container\">\n\t\t\t\t\t\t\t<div class=\"elementor-divider\">\n\t\t\t<span class=\"elementor-divider-separator\">\n\t\t\t\t\t\t<\/span>\n\t\t<\/div>\n\t\t\t\t\t\t<\/div>\n\t\t\t\t<\/div>\n\t\t\t\t\t<\/div>\n\t\t\t\t<\/div>\n\t\t<div class=\"elementor-element elementor-element-b2f4ed9 e-flex e-con-boxed e-con e-parent\" data-id=\"b2f4ed9\" data-element_type=\"container\" data-e-type=\"container\">\n\t\t\t\t\t<div class=\"e-con-inner\">\n\t\t\t\t<div class=\"elementor-element elementor-element-718f316 elementor-widget elementor-widget-heading\" data-id=\"718f316\" data-element_type=\"widget\" data-e-type=\"widget\" id=\"activitatile\" data-widget_type=\"heading.default\">\n\t\t\t\t<div class=\"elementor-widget-container\">\n\t\t\t\t\t<h2 class=\"elementor-heading-title elementor-size-default\">Activit\u0103\u021bile din cadrul proiectului<\/h2>\t\t\t\t<\/div>\n\t\t\t\t<\/div>\n\t\t\t\t\t<\/div>\n\t\t\t\t<\/div>\n\t\t<div class=\"elementor-element elementor-element-80e76df e-flex e-con-boxed e-con e-parent\" data-id=\"80e76df\" data-element_type=\"container\" data-e-type=\"container\">\n\t\t\t\t\t<div class=\"e-con-inner\">\n\t\t\t\t<div class=\"elementor-element elementor-element-09880bc elementor-widget elementor-widget-text-editor\" data-id=\"09880bc\" data-element_type=\"widget\" data-e-type=\"widget\" data-widget_type=\"text-editor.default\">\n\t\t\t\t<div class=\"elementor-widget-container\">\n\t\t\t\t\t\t\t\t\t<p>\u00cen vederea select\u0103rii \u00een Grupul \u021aint\u0103 al proiectului, exper\u021bii no\u0219trii i\u0219i vor focaliza eforturile pe identificarea, \u0219i \u00eenregistrarea tinerilor care \u00eendeplinesc criteriile de selec\u021bie: s\u0103 fie t\u00e2n\u0103r NEETs cu v\u00e2rsta cuprins\u0103 \u00eentre 16 \u0219i 29 de ani, care nu are loc de munc\u0103 \u0219i nu urmeaz\u0103 nici o form\u0103 de educa\u021bie sau formare; s\u0103 fie \u00eenregistrat \u0219i profilat SPO; s\u0103 aib\u0103 domiciliul sau re\u0219edin\u021ba \u00een Regiunea de dezvoltare Sud-Vest Oltenia. Tinerii care sunt \u00eenregistra\u021bi la nivelul SPO vor fi prelua\u021bi \u00een baza acordurilor de partenariat \u00eencheiate cu AJOFM-urile din regiunea vizat\u0103 de proiect.<\/p>\n<p><span style=\"color: var(--sydney-text-color);\">\u00cen cadrul proiectului se desf\u0103\u0219oar\u0103 urm\u0103toarele activit\u0103\u021bi:<\/span><\/p>\n<p><span style=\"color: var(--sydney-text-color);\"><b>Activitatea A1<\/b> &#8211; Managementul proiectului<\/span><\/p>\n<p><span style=\"color: var(--sydney-text-color);\"><b>Activitatea A2<\/b> &#8211; Activitatea de identificare, recrutare \u0219i selec\u021bie a grupului \u021bint\u0103, prin organizarea unor campanii de informare \u015fi con\u015ftientizare \u00een vederea identific\u0103rii tinerilor NEETs (A2.1) \u0219i activit\u0103\u0163i de recrutare, selec\u0163ie, comunicare furnizate grupului \u0163int\u0103 (A2.2)<\/span><\/p>\n<p><span style=\"color: var(--sydney-text-color);\"><b>Activitatea A3<\/b> &#8211; Organizarea unui program de formare profesional\u0103 pentru tinerii NEETs<\/span><\/p>\n<p><span style=\"color: var(--sydney-text-color);\"><b>Activitatea A4<\/b> &#8211; Furnizarea de servicii de mediere \u015fi plasare pe pia\u0163a muncii pentru tinerii NEETs<\/span><\/p>\n<p><span style=\"color: var(--sydney-text-color);\">\u00a0 \u00a0 \u00a0 \u00a0 \u00a0 \u00a0 \u00a0 \u00a0 \u00a0 \u00a0 <b>SA4.1<\/b> &#8211; Dezvoltarea de parteneriate cu angajatorii \u00een vederea plas\u0103rii pe pia\u0163a muncii a tinerilor NEETs<\/span><\/p>\n<p><span style=\"color: var(--sydney-text-color);\">\u00a0 \u00a0 \u00a0 \u00a0 \u00a0 \u00a0 \u00a0 \u00a0 \u00a0 \u00a0 <b>SA4.2<\/b> &#8211; Furnizarea de servicii de mediere pentru tinerii NEETs<\/span><\/p>\n<p><span style=\"color: var(--sydney-text-color);\"><b>Activitatea A5<\/b> &#8211; Organizarea unui program de sus\u0163inere a antreprenoriatului pentru tinerii NEETs<\/span><\/p>\n<p><span style=\"color: var(--sydney-text-color);\">\u00a0 \u00a0 \u00a0 \u00a0 \u00a0 \u00a0 \u00a0 \u00a0 \u00a0 \u00a0 <b>SA5.1<\/b> &#8211; Activit\u0103\u0163i de sprijin antreprenorial: mentorat, consultan\u0163\u0103 \u015fi dezvoltare de planuri de afaceri<\/span><\/p>\n<p>\u00a0\u00a0<span style=\"color: var(--sydney-text-color);\">\u00a0 \u00a0 \u00a0 \u00a0 \u00a0 \u00a0 \u00a0 \u00a0 \u00a0 <b>SA5.2<\/b> &#8211; Organizarea unui concurs de planuri de afaceri<\/span><\/p>\n<p><span style=\"color: var(--sydney-text-color);\"><b>Activitatea A5.3<\/b> &#8211; Acordarea de subven\u0163ii (micro- granturi) pentru \u00eenfiin\u0163area de noi afaceri<\/span><\/p>\t\t\t\t\t\t\t\t<\/div>\n\t\t\t\t<\/div>\n\t\t\t\t\t<\/div>\n\t\t\t\t<\/div>\n\t\t<div class=\"elementor-element elementor-element-f1b592b e-flex e-con-boxed e-con e-parent\" data-id=\"f1b592b\" data-element_type=\"container\" data-e-type=\"container\">\n\t\t\t\t\t<div class=\"e-con-inner\">\n\t\t\t\t<div class=\"elementor-element elementor-element-ed7a26e elementor-widget-divider--view-line elementor-widget elementor-widget-divider\" data-id=\"ed7a26e\" data-element_type=\"widget\" data-e-type=\"widget\" data-widget_type=\"divider.default\">\n\t\t\t\t<div class=\"elementor-widget-container\">\n\t\t\t\t\t\t\t<div class=\"elementor-divider\">\n\t\t\t<span class=\"elementor-divider-separator\">\n\t\t\t\t\t\t<\/span>\n\t\t<\/div>\n\t\t\t\t\t\t<\/div>\n\t\t\t\t<\/div>\n\t\t\t\t\t<\/div>\n\t\t\t\t<\/div>\n\t\t<div class=\"elementor-element elementor-element-f88e3dd e-flex e-con-boxed e-con e-parent\" data-id=\"f88e3dd\" data-element_type=\"container\" data-e-type=\"container\">\n\t\t\t\t\t<div class=\"e-con-inner\">\n\t\t\t\t<div class=\"elementor-element elementor-element-21e8556 elementor-widget elementor-widget-heading\" data-id=\"21e8556\" data-element_type=\"widget\" data-e-type=\"widget\" id=\"parteneri\" data-widget_type=\"heading.default\">\n\t\t\t\t<div class=\"elementor-widget-container\">\n\t\t\t\t\t<h4 class=\"elementor-heading-title elementor-size-default\">\u00cen cadrul proiectulului avem parteneriate \u00eencheiate cu urm\u0103toarele institu\u021bii:\n<div><br><\/div><\/h4>\t\t\t\t<\/div>\n\t\t\t\t<\/div>\n\t\t\t\t\t<\/div>\n\t\t\t\t<\/div>\n\t\t<div class=\"elementor-element elementor-element-fa77ad3 e-flex e-con-boxed e-con e-parent\" data-id=\"fa77ad3\" data-element_type=\"container\" data-e-type=\"container\">\n\t\t\t\t\t<div class=\"e-con-inner\">\n\t\t<div class=\"elementor-element elementor-element-f762b66 e-con-full e-flex e-con e-child\" data-id=\"f762b66\" data-element_type=\"container\" data-e-type=\"container\">\n\t\t\t\t<div class=\"elementor-element elementor-element-2f0f8ba elementor-widget elementor-widget-text-editor\" data-id=\"2f0f8ba\" data-element_type=\"widget\" data-e-type=\"widget\" data-widget_type=\"text-editor.default\">\n\t\t\t\t<div class=\"elementor-widget-container\">\n\t\t\t\t\t\t\t\t\t<p><b>Agen\u0163ia Jude\u0163ean\u0103 pentru Ocuparea For\u0163ei de Munc\u0103 Dolj<\/b><\/p>\n<p>Craiova, str. Eugeniu Carada nr.13A, jude\u021bul Dolj<\/p>\n<p>Nr. telefon: 0251.306.100<\/p>\n<p>Nr. fax:\u00a0 0351.401.557<\/p>\n<p>E-mail: ajofm.dj@anofm.gov.ro<\/p>\t\t\t\t\t\t\t\t<\/div>\n\t\t\t\t<\/div>\n\t\t\t\t<\/div>\n\t\t<div class=\"elementor-element elementor-element-8021a31 e-con-full e-flex e-con e-child\" data-id=\"8021a31\" data-element_type=\"container\" data-e-type=\"container\">\n\t\t\t\t<div class=\"elementor-element elementor-element-7ad57be elementor-widget elementor-widget-text-editor\" data-id=\"7ad57be\" data-element_type=\"widget\" data-e-type=\"widget\" data-widget_type=\"text-editor.default\">\n\t\t\t\t<div class=\"elementor-widget-container\">\n\t\t\t\t\t\t\t\t\t<p><b>Agen\u0163ia Jude\u0163ean\u0103 pentru Ocuparea For\u0163ei de Munc\u0103 Gorj<\/b><\/p>\n<p>T\u00e2rgu Jiu, str.Lt.col.Dumitru Petrescu nr.1, jude\u021bul Gorj<\/p>\n<p>Nr. telefon: 0253.213.824,\u00a0<\/p>\n<p>Nr. fax:\u00a0 0253.211.568<\/p>\n<p>E-mail: ajofm.gj@anofm.gov.ro<\/p>\t\t\t\t\t\t\t\t<\/div>\n\t\t\t\t<\/div>\n\t\t\t\t<\/div>\n\t\t<div class=\"elementor-element elementor-element-145d865 e-con-full e-flex e-con e-child\" data-id=\"145d865\" data-element_type=\"container\" data-e-type=\"container\">\n\t\t\t\t<div class=\"elementor-element elementor-element-8891b27 elementor-widget elementor-widget-text-editor\" data-id=\"8891b27\" data-element_type=\"widget\" data-e-type=\"widget\" data-widget_type=\"text-editor.default\">\n\t\t\t\t<div class=\"elementor-widget-container\">\n\t\t\t\t\t\t\t\t\t<p><b>Agen\u0163ia Jude\u0163ean\u0103 pentru Ocuparea For\u0163ei de Munc\u0103 Olt<\/b><\/p>\n<p>Slatina, Str.Prelungirea Cri\u0219an, nr.2,jude\u021bul Olt<\/p>\n<p>Nr. telefon: 0249.438.595<\/p>\n<p>Nr. fax: 0249.432.276<\/p>\n<p>E-mail: ajofm.ot@anofm.gov.ro<\/p>\n<p><\/p>\t\t\t\t\t\t\t\t<\/div>\n\t\t\t\t<\/div>\n\t\t\t\t<\/div>\n\t\t\t\t\t<\/div>\n\t\t\t\t<\/div>\n\t\t<div class=\"elementor-element elementor-element-7c29319 e-flex e-con-boxed e-con e-parent\" data-id=\"7c29319\" data-element_type=\"container\" data-e-type=\"container\">\n\t\t\t\t\t<div class=\"e-con-inner\">\n\t\t<div class=\"elementor-element elementor-element-a63820f e-con-full e-flex e-con e-child\" data-id=\"a63820f\" data-element_type=\"container\" data-e-type=\"container\">\n\t\t\t\t<\/div>\n\t\t<div class=\"elementor-element elementor-element-df5ee25 e-con-full e-flex e-con e-child\" data-id=\"df5ee25\" data-element_type=\"container\" data-e-type=\"container\">\n\t\t\t\t<div class=\"elementor-element elementor-element-202b295 elementor-widget elementor-widget-text-editor\" data-id=\"202b295\" data-element_type=\"widget\" data-e-type=\"widget\" data-widget_type=\"text-editor.default\">\n\t\t\t\t<div class=\"elementor-widget-container\">\n\t\t\t\t\t\t\t\t\t<p><b>Agen\u0163ia Jude\u0163ean\u0103 pentru Ocuparea For\u0163ei de Munc\u0103 V\u00e2lcea<\/b><\/p>\n<p>R\u00e2mnicu V\u00e2lcea, str. Dacia, nr.8, Bloc Transcozia, jude\u021bul V\u00e2lcea<\/p>\n<p>Nr. telefon: 0250.735.608<\/p>\n<p>Nr. fax: 250.732.757<\/p>\n<p>E-mail: ajofm.vl@anofm.gov.ro<\/p>\n<div>\u00a0<\/div>\t\t\t\t\t\t\t\t<\/div>\n\t\t\t\t<\/div>\n\t\t\t\t<\/div>\n\t\t<div class=\"elementor-element elementor-element-71574b1 e-con-full e-flex e-con e-child\" data-id=\"71574b1\" data-element_type=\"container\" data-e-type=\"container\">\n\t\t\t\t<div class=\"elementor-element elementor-element-9a06759 elementor-widget elementor-widget-text-editor\" data-id=\"9a06759\" data-element_type=\"widget\" data-e-type=\"widget\" data-widget_type=\"text-editor.default\">\n\t\t\t\t<div class=\"elementor-widget-container\">\n\t\t\t\t\t\t\t\t\t<p><b>Agen\u0163ia Jude\u0163ean\u0103 pentru Ocuparea For\u0163ei de Munc\u0103 Mehedin\u021bi<\/b><\/p>\n<p>Drobeta-Turnu Severin, Bdul Carol I, nr.3, jude\u0163ul Mehedin\u021bi\u00a0<\/p>\n<p><span style=\"color: var(--sydney-text-color);\">Nr. telefon: 0252.319.029<\/span><\/p>\n<p><span style=\"color: var(--sydney-text-color);\">Nr. fax: 0252.319.061<\/span><\/p>\n<p><span style=\"color: var(--sydney-text-color);\">E-mail: ajofm.mh@anofm.gov.ro<\/span><\/p>\n<p>Pagina web: www.ajofm-bv.ro<\/p>\t\t\t\t\t\t\t\t<\/div>\n\t\t\t\t<\/div>\n\t\t\t\t<\/div>\n\t\t<div class=\"elementor-element elementor-element-cd76444 e-con-full e-flex e-con e-child\" data-id=\"cd76444\" data-element_type=\"container\" data-e-type=\"container\">\n\t\t\t\t<\/div>\n\t\t\t\t\t<\/div>\n\t\t\t\t<\/div>\n\t\t<div class=\"elementor-element elementor-element-395b299 e-flex e-con-boxed e-con e-parent\" data-id=\"395b299\" data-element_type=\"container\" data-e-type=\"container\">\n\t\t\t\t\t<div class=\"e-con-inner\">\n\t\t\t\t<div class=\"elementor-element elementor-element-9632f64 elementor-widget-divider--view-line elementor-widget elementor-widget-divider\" data-id=\"9632f64\" data-element_type=\"widget\" data-e-type=\"widget\" data-widget_type=\"divider.default\">\n\t\t\t\t<div class=\"elementor-widget-container\">\n\t\t\t\t\t\t\t<div class=\"elementor-divider\">\n\t\t\t<span class=\"elementor-divider-separator\">\n\t\t\t\t\t\t<\/span>\n\t\t<\/div>\n\t\t\t\t\t\t<\/div>\n\t\t\t\t<\/div>\n\t\t\t\t\t<\/div>\n\t\t\t\t<\/div>\n\t\t<div class=\"elementor-element elementor-element-a352f24 e-flex e-con-boxed e-con e-parent\" data-id=\"a352f24\" data-element_type=\"container\" data-e-type=\"container\">\n\t\t\t\t\t<div class=\"e-con-inner\">\n\t\t\t\t<div class=\"elementor-element elementor-element-e7f75fb elementor-widget elementor-widget-text-editor\" data-id=\"e7f75fb\" data-element_type=\"widget\" data-e-type=\"widget\" data-widget_type=\"text-editor.default\">\n\t\t\t\t<div class=\"elementor-widget-container\">\n\t\t\t\t\t\t\t\t\t<p>Proiectul este cofinan\u021bat din Fondul Social European prin Programul Opera\u021bional Capital Uman 2014-2020, Axa prioritar\u0103 1 \u201eIni\u021biativa locuri de munc\u0103 pentru tineri, POCU\/991\/1\/3\/154234<\/p>\n<p>Opera\u021biune compozit\u0103 OS. 1.1, 1.2. Pentru informa\u021bii detaliate despre celelate programe cofinan\u021bate de Uniunea European\u0103, v\u0103 invit\u0103m s\u0103 vizita\u021bi <a href=\"https:\/\/www.fonduri-ue.ro\/\" target=\"_blank\" rel=\"noopener\">www.fonduri-ue.ro<\/a>. Con\u021binutul acestui material nu reprezint\u0103 \u00een mod obligatoriu pozi\u021bia oficial\u0103 a Uniunii Europene sau a Guvernului Rom\u00e2niei.<\/p>\t\t\t\t\t\t\t\t<\/div>\n\t\t\t\t<\/div>\n\t\t\t\t\t<\/div>\n\t\t\t\t<\/div>\n\t\t<div class=\"elementor-element elementor-element-d582712 e-flex e-con-boxed e-con e-parent\" data-id=\"d582712\" data-element_type=\"container\" data-e-type=\"container\">\n\t\t\t\t\t<div class=\"e-con-inner\">\n\t\t\t\t<div class=\"elementor-element elementor-element-9288af4 elementor-widget-divider--view-line elementor-widget elementor-widget-divider\" data-id=\"9288af4\" data-element_type=\"widget\" data-e-type=\"widget\" data-widget_type=\"divider.default\">\n\t\t\t\t<div class=\"elementor-widget-container\">\n\t\t\t\t\t\t\t<div class=\"elementor-divider\">\n\t\t\t<span class=\"elementor-divider-separator\">\n\t\t\t\t\t\t<\/span>\n\t\t<\/div>\n\t\t\t\t\t\t<\/div>\n\t\t\t\t<\/div>\n\t\t\t\t\t<\/div>\n\t\t\t\t<\/div>\n\t\t<div class=\"elementor-element elementor-element-7a8b1f1 e-flex e-con-boxed e-con e-parent\" data-id=\"7a8b1f1\" data-element_type=\"container\" data-e-type=\"container\" id=\"contact\">\n\t\t\t\t\t<div class=\"e-con-inner\">\n\t\t<div class=\"elementor-element elementor-element-0b84ac4 e-con-full e-flex e-con e-child\" data-id=\"0b84ac4\" data-element_type=\"container\" data-e-type=\"container\">\n\t\t\t\t<div class=\"elementor-element elementor-element-c3f7a77 elementor-widget elementor-widget-text-editor\" data-id=\"c3f7a77\" data-element_type=\"widget\" data-e-type=\"widget\" data-widget_type=\"text-editor.default\">\n\t\t\t\t<div class=\"elementor-widget-container\">\n\t\t\t\t\t\t\t\t\t<p><b><i>Pentru \u00eenscrieri \u00een proiect<\/i><\/b><\/p><p><b><i>E-mail: proiecte.europene@centruldecalcul.ro<\/i><\/b><\/p><p><b><i>Telefon: 031 &#8211; 9466<\/i><\/b><\/p>\t\t\t\t\t\t\t\t<\/div>\n\t\t\t\t<\/div>\n\t\t\t\t<\/div>\n\t\t<div class=\"elementor-element elementor-element-7047f00 e-con-full e-flex e-con e-child\" data-id=\"7047f00\" data-element_type=\"container\" data-e-type=\"container\">\n\t\t\t\t<div class=\"elementor-element elementor-element-a7158ee elementor-widget elementor-widget-text-editor\" data-id=\"a7158ee\" data-element_type=\"widget\" data-e-type=\"widget\" data-widget_type=\"text-editor.default\">\n\t\t\t\t<div class=\"elementor-widget-container\">\n\t\t\t\t\t\t\t\t\t<p><b style=\"text-align: var(--text-align); color: var(--sydney-text-color);\"><i>Contact<\/i><\/b><\/p><p><b style=\"text-align: var(--text-align); color: var(--sydney-text-color);\">CENTRUL DE CALCUL SA (Lider)<\/b><\/p><p>Adresa de implementare:<\/p><p>Str. Tudor Vladimirescu, Nr.17, Municipiul T\u00e2rgu Jiu, jude\u0163ul Gorj<\/p>\t\t\t\t\t\t\t\t<\/div>\n\t\t\t\t<\/div>\n\t\t\t\t<\/div>\n\t\t\t\t\t<\/div>\n\t\t\t\t<\/div>\n\t\t\t\t<\/div>\n\t\t","protected":false},"excerpt":{"rendered":"<p>EDUPRENOREduca\u021bie \u0219i antreprenoriat pentru tinerii NEETs Sumar proiect Proiectul \u201eEDUPRENOR \u2013 EDUCATIE \u0218I ANTREPRENORIAT PENTRU TINERII NEETs\u201d este implimentat de CENTRUL DE [&hellip;]<\/p>\n","protected":false},"author":3,"featured_media":0,"parent":0,"menu_order":0,"comment_status":"closed","ping_status":"closed","template":"","meta":{"footnotes":""},"class_list":["post-24","page","type-page","status-publish","hentry"],"_links":{"self":[{"href":"https:\/\/eduprenor.centruldecalcul.ro\/index.php\/wp-json\/wp\/v2\/pages\/24","targetHints":{"allow":["GET"]}}],"collection":[{"href":"https:\/\/eduprenor.centruldecalcul.ro\/index.php\/wp-json\/wp\/v2\/pages"}],"about":[{"href":"https:\/\/eduprenor.centruldecalcul.ro\/index.php\/wp-json\/wp\/v2\/types\/page"}],"author":[{"embeddable":true,"href":"https:\/\/eduprenor.centruldecalcul.ro\/index.php\/wp-json\/wp\/v2\/users\/3"}],"replies":[{"embeddable":true,"href":"https:\/\/eduprenor.centruldecalcul.ro\/index.php\/wp-json\/wp\/v2\/comments?post=24"}],"version-history":[{"count":156,"href":"https:\/\/eduprenor.centruldecalcul.ro\/index.php\/wp-json\/wp\/v2\/pages\/24\/revisions"}],"predecessor-version":[{"id":207,"href":"https:\/\/eduprenor.centruldecalcul.ro\/index.php\/wp-json\/wp\/v2\/pages\/24\/revisions\/207"}],"wp:attachment":[{"href":"https:\/\/eduprenor.centruldecalcul.ro\/index.php\/wp-json\/wp\/v2\/media?parent=24"}],"curies":[{"name":"wp","href":"https:\/\/api.w.org\/{rel}","templated":true}]}}